{"id":65,"date":"2017-10-24T10:11:41","date_gmt":"2017-10-24T10:11:41","guid":{"rendered":"http:\/\/wikipatrimoine.parisnanterre.fr\/?page_id=65"},"modified":"2017-11-28T10:36:34","modified_gmt":"2017-11-28T10:36:34","slug":"seminaires-et-ateliers","status":"publish","type":"page","link":"http:\/\/wikipatrimoine.parisnanterre.fr\/?page_id=65","title":{"rendered":"S\u00e9minaires et ateliers"},"content":{"rendered":"<h4>17 janvier 2018 &#8211; Pr\u00e9sentation projet PCILab<\/h4>\n<h4><\/h4>\n<h4><strong>12 d\u00e9cembre 2017 &#8211;\u00a0<\/strong>Culture de donn\u00e9es et donn\u00e9es pour la culture &#8211;\u00a0<strong>Journ\u00e9e d\u2019\u00e9tude sur les donn\u00e9es ouvertes culturelles<\/strong><\/h4>\n<p>&nbsp;<\/p>\n<p><strong>16 novembre 2017 &#8211; Conversation avec\u00a0<a href=\"http:\/\/filmsdefemmes.com\/fr\/\">Jackie Buet<em>, <\/em>Directrice du <em>Festival International de Films de Femmes<\/em>.<\/a><\/strong><\/p>\n<p>Depuis 1979, le<em> Festival International de Films de Femmes<\/em> d\u00e9fend le cin\u00e9ma des r\u00e9alisatrices du monde entier. Luttant contre toutes formes de discrimination, de race, de sexe, de culture, de classe sociale, il assume son double h\u00e9ritage envers le f\u00e9minisme et l\u2019action culturelle, en pla\u00e7ant l\u2019interrogation sur l\u2019<strong><em>image<\/em><\/strong> et les <strong><em>modes de repr\u00e9sentations<\/em><\/strong> au centre de ses r\u00e9flexions.\u00a0<em>Festival International de Films de Femmes,\u00a0<\/em>du\u00a09 au 18 mars 2018,\u00a0Maison des Arts,\u00a0 Place Salvador Allende &#8211; 94000 Creteil.<\/p>\n<p>&nbsp;<\/p>\n<h4>26 octobre 2017 &#8211;\u00a0<a href=\"https:\/\/et1917devientrevolution.tumblr.com\/\"><strong>Visite de l&rsquo;Exposition <em>Et 1917 devient R\u00e9volution<\/em>&#8230;\u00a0 <\/strong><\/a><\/h4>\n<p>Des documents uniques &#8211; affiches, tracts, films, photographies, presse illustr\u00e9e, objets collect\u00e9s \u00e0 chaud pendant les \u00e9v\u00e9nements\u00a0&#8211; permettent de comprendre comment 1917 devient \u201cr\u00e9volution\u201d, bouleversant l\u2019univers politique, \u00e9conomique, social de millions d\u2019hommes, de femmes et d\u2019enfants en Russie, puis dans le monde entier. L\u2019ann\u00e9e 1917 en Russie a \u00e9t\u00e9 revisit\u00e9e depuis une vingtaine d\u2019ann\u00e9es par de nouvelles recherches historiques s\u2019appuyant sur des archives in\u00e9dites: intimes, iconographiques et audiovisuelles, notamment. C\u2019est toute la complexit\u00e9 de l\u2019\u00e9v\u00e9nement qui est restitu\u00e9e gr\u00e2ce au patrimoine exceptionnel de la BDIC et des institutions partenaires en France, Russie et G\u00e9orgie.<\/p>\n<p><span style=\"font-size: 1rem;\">Visite organis\u00e9e pour les \u00e9tudiants\u00a0 du cours \u00ab\u00a0Initiation \u00e0 l\u2019archivistique\u00a0\u00bb (L3 Information-Communication) et<\/span><strong style=\"font-size: 1rem;\">\u00a0<\/strong><span style=\"font-size: 1rem;\">\u00ab\u00a0Image et information\u00a0\u00bb (L3 Information-Communication \u2013 Responsable des cours\u00a0: F. Filipponi).\u00a0<\/span><\/p>\n<p>&nbsp;<\/p>\n<h4>18 octobre 2017 &#8211; <a href=\"http:\/\/passes-present.eu\/fr\/rencontre-avec-le-realisateur-emmanuel-ostian-43463\">Projection du Documentaire \u00ab CRASH DE L\u2019USTICA : UNE BAVURE FRAN\u00c7AISE ? \u00bb, suivie par la discussion avec le r\u00e9alisateur Emmanuel Ostian.\u00a0\u00a0<\/a><\/h4>\n<p>\u00c9v\u00e9nement de l\u2019histoire contemporaine europ\u00e9enne parmi les plus inqui\u00e9tants et en m\u00eame temps m\u00e9connus de ces derni\u00e8res d\u00e9cennies, \u00e0 cause de la violence de l\u2019\u00e9v\u00e8nement (la mort de dizaines de civils qui n\u2019\u00e9taient pas du tout conscients des circonstances critiques qui les attendaient au cours du vol entre Bologne et Palerme) et de la machine qui a tout de suite \u00e9t\u00e9 mise en place pour cacher (voir faire dispara\u00eetre) les traces qui auraient pu conduire \u00e0 la reconstitution de la v\u00e9rit\u00e9 historique. Le reportage\u00a0<em>Crash d\u2019Ustica,<\/em>\u00a0mod\u00e8le embl\u00e9matique de la pratique journalistique d\u2019enqu\u00eate, fait le point des enqu\u00eates judiciaires encore ouvertes, des informations qui ont enrichi les dossiers des juges et des documents qui sont toujours manquants.<\/p>\n<p>&nbsp;<\/p>\n<p><strong>5 octobre 2017 &#8211; Rencontre avec <a href=\"http:\/\/www.louvre.fr\/departments\/objets-dart\">Fran\u00e7oise Barbe, Conservateur en Chef au\u00a0<span style=\"font-size: 1rem;\">D\u00e9partement des Objets d&rsquo;Art du\u00a0<\/span>Mus\u00e9e du Louvre<\/a>.\u00a0<\/strong><\/p>\n<p>Fran\u00e7oise Barbe a pr\u00e9sent\u00e9 aux \u00e9tudiants\u00a0 du cours \u00ab\u00a0Initiation \u00e0 l\u2019archivistique\u00a0\u00bb (L3 Information-Communication) et<strong>\u00a0<\/strong>\u00ab\u00a0Image et information\u00a0\u00bb (L3 Information-Communication \u2013 Responsable des cours\u00a0: F. Filipponi) le <em>m\u00e9tier du conservateur<\/em>. Elle a propos\u00e9 ainsi aux \u00e9tudiants certains aspects\u00a0<span style=\"font-size: 1rem;\">li\u00e9s<\/span><span style=\"font-size: 1rem;\">\u00a0\u00e0 la gestion et \u00e0 l&rsquo;exploitation des archives aupr\u00e8s de l&rsquo;institution mus\u00e9ale et donn\u00e9 un aper\u00e7u d<\/span><span style=\"font-size: 1rem;\">es possibilit\u00e9s offertes par les nouvelles technologies dans la gestion du patrimoine.<\/span><\/p>\n<p>&nbsp;<\/p>\n<p><strong>3 octobre 2017 &#8211; <a href=\"http:\/\/wikipatrimoine.parisnanterre.fr\/?p=1\">Participation \u00e0 l&rsquo;Edit-a-thon PciLab<\/a><\/strong><\/p>\n<p>Le 3 octobre 2017, l\u2019\u00e9quipe du projet a particip\u00e9 \u00e0 l\u2019Edit-a-thon organis\u00e9 pour le lancement du site web\u00a0<a href=\"http:\/\/www.pci-lab.fr\/\">www.pci-lab.fr<\/a>, site de l\u2019inventaire fran\u00e7ais du Patrimoine culturel immat\u00e9riel qui agr\u00e8ge le travail des chercheurs et organismes partenaires du minist\u00e8re de la Culture.<\/p>\n","protected":false},"excerpt":{"rendered":"<p>17 janvier 2018 &#8211; Pr\u00e9sentation projet PCILab 12 d\u00e9cembre 2017 &#8211;\u00a0Culture de donn\u00e9es et donn\u00e9es pour la culture &#8211;\u00a0Journ\u00e9e d\u2019\u00e9tude sur les donn\u00e9es ouvertes culturelles &nbsp; 16 novembre 2017 &#8211; Conversation avec\u00a0Jackie Buet, Directrice du Festival International de Films de Femmes. Depuis 1979, le Festival International de Films de Femmes d\u00e9fend le cin\u00e9ma des r\u00e9alisatrices &hellip; <\/p>\n<p class=\"link-more\"><a href=\"http:\/\/wikipatrimoine.parisnanterre.fr\/?page_id=65\" class=\"more-link\">Continuer la lecture<span class=\"screen-reader-text\"> de &laquo;&nbsp;S\u00e9minaires et ateliers&nbsp;&raquo;<\/span><\/a><\/p>\n","protected":false},"author":1,"featured_media":160,"parent":0,"menu_order":0,"comment_status":"closed","ping_status":"closed","template":"","meta":[],"_links":{"self":[{"href":"http:\/\/wikipatrimoine.parisnanterre.fr\/index.php?rest_route=\/wp\/v2\/pages\/65"}],"collection":[{"href":"http:\/\/wikipatrimoine.parisnanterre.fr\/index.php?rest_route=\/wp\/v2\/pages"}],"about":[{"href":"http:\/\/wikipatrimoine.parisnanterre.fr\/index.php?rest_route=\/wp\/v2\/types\/page"}],"author":[{"embeddable":true,"href":"http:\/\/wikipatrimoine.parisnanterre.fr\/index.php?rest_route=\/wp\/v2\/users\/1"}],"replies":[{"embeddable":true,"href":"http:\/\/wikipatrimoine.parisnanterre.fr\/index.php?rest_route=%2Fwp%2Fv2%2Fcomments&post=65"}],"version-history":[{"count":8,"href":"http:\/\/wikipatrimoine.parisnanterre.fr\/index.php?rest_route=\/wp\/v2\/pages\/65\/revisions"}],"predecessor-version":[{"id":159,"href":"http:\/\/wikipatrimoine.parisnanterre.fr\/index.php?rest_route=\/wp\/v2\/pages\/65\/revisions\/159"}],"wp:featuredmedia":[{"embeddable":true,"href":"http:\/\/wikipatrimoine.parisnanterre.fr\/index.php?rest_route=\/wp\/v2\/media\/160"}],"wp:attachment":[{"href":"http:\/\/wikipatrimoine.parisnanterre.fr\/index.php?rest_route=%2Fwp%2Fv2%2Fmedia&parent=65"}],"curies":[{"name":"wp","href":"https:\/\/api.w.org\/{rel}","templated":true}]}}